{"id":858,"date":"2024-03-18T18:00:04","date_gmt":"2024-03-18T17:00:04","guid":{"rendered":"https:\/\/sksp.usz.edu.pl\/?page_id=858"},"modified":"2026-04-02T13:57:06","modified_gmt":"2026-04-02T11:57:06","slug":"patronat","status":"publish","type":"page","link":"https:\/\/sksp.usz.edu.pl\/index.php\/patronat\/","title":{"rendered":"Patronat"},"content":{"rendered":"<p class=\"wp-block-paragraph\"><\/p>\n\n\n\n<h2 class=\"wp-block-heading\">Patronat Honorowy<\/h2>\n\n\n\n<h3 class=\"wp-block-heading has-text-align-center\">Ministerstwo Sprawiedliwo\u015bci<\/h3>\n\n\n<div class=\"wp-block-image\">\n<figure class=\"aligncenter size-large is-resized\"><a href=\"https:\/\/www.gov.pl\/web\/sprawiedliwosc\/\"><img loading=\"lazy\" decoding=\"async\" width=\"1024\" height=\"410\" src=\"https:\/\/sksp.usz.edu.pl\/wp-content\/uploads\/2026\/04\/MS-logo-1024x410.png\" alt=\"\" class=\"wp-image-1529\" style=\"aspect-ratio:2.4953703703703702;width:281px;height:auto\" srcset=\"https:\/\/sksp.usz.edu.pl\/wp-content\/uploads\/2026\/04\/MS-logo-1024x410.png 1024w, https:\/\/sksp.usz.edu.pl\/wp-content\/uploads\/2026\/04\/MS-logo-300x120.png 300w, https:\/\/sksp.usz.edu.pl\/wp-content\/uploads\/2026\/04\/MS-logo-768x308.png 768w, https:\/\/sksp.usz.edu.pl\/wp-content\/uploads\/2026\/04\/MS-logo.png 1078w\" sizes=\"auto, (max-width: 1024px) 100vw, 1024px\" \/><\/a><\/figure>\n<\/div>\n\n\n<div style=\"height:64px\" aria-hidden=\"true\" class=\"wp-block-spacer\"><\/div>\n\n\n\n<h3 class=\"wp-block-heading has-text-align-center\">Ministerstwo Finans\u00f3w<\/h3>\n\n\n<div class=\"wp-block-image\">\n<figure class=\"aligncenter size-full is-resized\"><a href=\"https:\/\/www.gov.pl\/web\/finanse\"><img loading=\"lazy\" decoding=\"async\" width=\"969\" height=\"432\" src=\"https:\/\/sksp.usz.edu.pl\/wp-content\/uploads\/2025\/04\/01_znak_podstawowy_kolor_biale_tlo.png\" alt=\"\" class=\"wp-image-1219\" style=\"width:262px;height:auto\" srcset=\"https:\/\/sksp.usz.edu.pl\/wp-content\/uploads\/2025\/04\/01_znak_podstawowy_kolor_biale_tlo.png 969w, https:\/\/sksp.usz.edu.pl\/wp-content\/uploads\/2025\/04\/01_znak_podstawowy_kolor_biale_tlo-300x134.png 300w, https:\/\/sksp.usz.edu.pl\/wp-content\/uploads\/2025\/04\/01_znak_podstawowy_kolor_biale_tlo-768x342.png 768w\" sizes=\"auto, (max-width: 969px) 100vw, 969px\" \/><\/a><\/figure>\n<\/div>\n\n\n<p class=\"wp-block-paragraph\"><\/p>\n\n\n\n<h3 class=\"wp-block-heading has-text-align-center\">Krajowa Izba Doradc\u00f3w Podatkowych<\/h3>\n\n\n<div class=\"wp-block-image\">\n<figure class=\"aligncenter size-large is-resized\"><a href=\"https:\/\/kidp.pl\/\"><img loading=\"lazy\" decoding=\"async\" width=\"1024\" height=\"795\" src=\"https:\/\/sksp.usz.edu.pl\/wp-content\/uploads\/2026\/04\/KIDP_wersja_pelna_garnat_-1024x795.png\" alt=\"\" class=\"wp-image-1491\" style=\"aspect-ratio:1.288112976759702;width:251px;height:auto\" srcset=\"https:\/\/sksp.usz.edu.pl\/wp-content\/uploads\/2026\/04\/KIDP_wersja_pelna_garnat_-1024x795.png 1024w, https:\/\/sksp.usz.edu.pl\/wp-content\/uploads\/2026\/04\/KIDP_wersja_pelna_garnat_-300x233.png 300w, https:\/\/sksp.usz.edu.pl\/wp-content\/uploads\/2026\/04\/KIDP_wersja_pelna_garnat_-768x596.png 768w, https:\/\/sksp.usz.edu.pl\/wp-content\/uploads\/2026\/04\/KIDP_wersja_pelna_garnat_-1536x1192.png 1536w, https:\/\/sksp.usz.edu.pl\/wp-content\/uploads\/2026\/04\/KIDP_wersja_pelna_garnat_-2048x1589.png 2048w\" sizes=\"auto, (max-width: 1024px) 100vw, 1024px\" \/><\/a><\/figure>\n<\/div>\n\n\n<h3 class=\"wp-block-heading has-text-align-center\">Rektor Uniwersytetu Szczeci\u0144skiego<\/h3>\n\n\n<div class=\"wp-block-image\">\n<figure class=\"aligncenter size-full is-resized\"><a href=\"https:\/\/usz.edu.pl\/\"><img loading=\"lazy\" decoding=\"async\" width=\"839\" height=\"699\" src=\"https:\/\/sksp.usz.edu.pl\/wp-content\/uploads\/2023\/10\/Rektor-US.png\" alt=\"\" class=\"wp-image-454\" style=\"width:263px;height:auto\" srcset=\"https:\/\/sksp.usz.edu.pl\/wp-content\/uploads\/2023\/10\/Rektor-US.png 839w, https:\/\/sksp.usz.edu.pl\/wp-content\/uploads\/2023\/10\/Rektor-US-300x250.png 300w, https:\/\/sksp.usz.edu.pl\/wp-content\/uploads\/2023\/10\/Rektor-US-768x640.png 768w\" sizes=\"auto, (max-width: 839px) 100vw, 839px\" \/><\/a><\/figure>\n<\/div>\n\n\n<div style=\"height:100px\" aria-hidden=\"true\" class=\"wp-block-spacer\"><\/div>\n\n\n\n<h2 class=\"wp-block-heading\">Patronat <\/h2>\n\n\n\n<h3 class=\"wp-block-heading has-text-align-center\">Dziekan Wydzia\u0142u Prawa i Administracji<br>Uniwersytetu Szczeci\u0144skiego<\/h3>\n\n\n<div class=\"wp-block-image\">\n<figure class=\"aligncenter size-full is-resized\"><a href=\"https:\/\/wpia.usz.edu.pl\/\"><img loading=\"lazy\" decoding=\"async\" width=\"445\" height=\"448\" src=\"https:\/\/sksp.usz.edu.pl\/wp-content\/uploads\/2025\/02\/image.png\" alt=\"\" class=\"wp-image-1149\" style=\"width:138px;height:auto\" srcset=\"https:\/\/sksp.usz.edu.pl\/wp-content\/uploads\/2025\/02\/image.png 445w, https:\/\/sksp.usz.edu.pl\/wp-content\/uploads\/2025\/02\/image-298x300.png 298w, https:\/\/sksp.usz.edu.pl\/wp-content\/uploads\/2025\/02\/image-150x150.png 150w\" sizes=\"auto, (max-width: 445px) 100vw, 445px\" \/><\/a><\/figure>\n<\/div>\n\n\n<p class=\"wp-block-paragraph\"><\/p>\n\n\n\n<p class=\"wp-block-paragraph\"><\/p>\n\n\n\n<h3 class=\"wp-block-heading has-text-align-center\">Okr\u0119gowa Izba Radc\u00f3w Prawnych w Szczecinie<\/h3>\n\n\n<div class=\"wp-block-image\">\n<figure class=\"aligncenter size-large is-resized\"><a href=\"https:\/\/oirp.szczecin.pl\/\"><img loading=\"lazy\" decoding=\"async\" width=\"1024\" height=\"466\" src=\"https:\/\/sksp.usz.edu.pl\/wp-content\/uploads\/2026\/04\/image-5-1024x466.png\" alt=\"\" class=\"wp-image-1525\" style=\"aspect-ratio:2.199158522621362;width:213px;height:auto\" srcset=\"https:\/\/sksp.usz.edu.pl\/wp-content\/uploads\/2026\/04\/image-5-1024x466.png 1024w, https:\/\/sksp.usz.edu.pl\/wp-content\/uploads\/2026\/04\/image-5-300x136.png 300w, https:\/\/sksp.usz.edu.pl\/wp-content\/uploads\/2026\/04\/image-5-768x349.png 768w, https:\/\/sksp.usz.edu.pl\/wp-content\/uploads\/2026\/04\/image-5-1536x698.png 1536w, https:\/\/sksp.usz.edu.pl\/wp-content\/uploads\/2026\/04\/image-5.png 1999w\" sizes=\"auto, (max-width: 1024px) 100vw, 1024px\" \/><\/a><\/figure>\n<\/div>\n\n\n<p class=\"wp-block-paragraph\"><\/p>\n\n\n\n<h3 class=\"wp-block-heading has-text-align-center\">Okr\u0119gowa Izba Radc\u00f3w Prawnych we Wroc\u0142awiu<\/h3>\n\n\n<div class=\"wp-block-image\">\n<figure class=\"aligncenter size-full is-resized\"><a href=\"https:\/\/oirp.wroclaw.pl\/\"><img loading=\"lazy\" decoding=\"async\" width=\"960\" height=\"960\" src=\"https:\/\/sksp.usz.edu.pl\/wp-content\/uploads\/2026\/04\/OIRP-Wroclaw.png\" alt=\"\" class=\"wp-image-1494\" style=\"width:134px;height:auto\" srcset=\"https:\/\/sksp.usz.edu.pl\/wp-content\/uploads\/2026\/04\/OIRP-Wroclaw.png 960w, https:\/\/sksp.usz.edu.pl\/wp-content\/uploads\/2026\/04\/OIRP-Wroclaw-300x300.png 300w, https:\/\/sksp.usz.edu.pl\/wp-content\/uploads\/2026\/04\/OIRP-Wroclaw-150x150.png 150w, https:\/\/sksp.usz.edu.pl\/wp-content\/uploads\/2026\/04\/OIRP-Wroclaw-768x768.png 768w\" sizes=\"auto, (max-width: 960px) 100vw, 960px\" \/><\/a><\/figure>\n<\/div>\n\n\n<div style=\"height:100px\" aria-hidden=\"true\" class=\"wp-block-spacer\"><\/div>\n\n\n\n<h2 class=\"wp-block-heading\">Patronat medialny<\/h2>\n\n\n\n<h3 class=\"wp-block-heading has-text-align-center\">Dziennik Gazeta Prawna<\/h3>\n\n\n<div class=\"wp-block-image\">\n<figure class=\"aligncenter size-full is-resized\"><a href=\"https:\/\/www.gazetaprawna.pl\/\"><img loading=\"lazy\" decoding=\"async\" width=\"526\" height=\"173\" src=\"https:\/\/sksp.usz.edu.pl\/wp-content\/uploads\/2026\/04\/image.png\" alt=\"\" class=\"wp-image-1502\" style=\"width:265px;height:auto\" srcset=\"https:\/\/sksp.usz.edu.pl\/wp-content\/uploads\/2026\/04\/image.png 526w, https:\/\/sksp.usz.edu.pl\/wp-content\/uploads\/2026\/04\/image-300x99.png 300w\" sizes=\"auto, (max-width: 526px) 100vw, 526px\" \/><\/a><\/figure>\n<\/div>\n\n\n<p class=\"wp-block-paragraph\"><\/p>\n\n\n\n<h2 class=\"wp-block-heading\">Patronat medialny<\/h2>\n\n\n\n<h3 class=\"wp-block-heading has-text-align-center\">Aureus &#8211; Stowarzyszenie Prawa Finansowego<\/h3>\n\n\n<div class=\"wp-block-image\">\n<figure class=\"aligncenter size-large is-resized\"><a href=\"https:\/\/aureus.com.pl\/\"><img loading=\"lazy\" decoding=\"async\" width=\"1024\" height=\"377\" src=\"https:\/\/sksp.usz.edu.pl\/wp-content\/uploads\/2026\/04\/image-1-1024x377.png\" alt=\"\" class=\"wp-image-1506\" style=\"width:244px;height:auto\" srcset=\"https:\/\/sksp.usz.edu.pl\/wp-content\/uploads\/2026\/04\/image-1-1024x377.png 1024w, https:\/\/sksp.usz.edu.pl\/wp-content\/uploads\/2026\/04\/image-1-300x110.png 300w, https:\/\/sksp.usz.edu.pl\/wp-content\/uploads\/2026\/04\/image-1-768x283.png 768w, https:\/\/sksp.usz.edu.pl\/wp-content\/uploads\/2026\/04\/image-1.png 1192w\" sizes=\"auto, (max-width: 1024px) 100vw, 1024px\" \/><\/a><\/figure>\n<\/div>\n\n\n<p class=\"wp-block-paragraph\"><\/p>\n\n\n\n<h3 class=\"wp-block-heading has-text-align-center\">Krajowa Izba Doradc\u00f3w Podatkowych<br>Oddzia\u0142 Zachodniopomorski<\/h3>\n\n\n<div class=\"wp-block-image\">\n<figure class=\"aligncenter size-full is-resized\"><a href=\"https:\/\/zachodniopomorski.kidp.pl\/\"><img loading=\"lazy\" decoding=\"async\" width=\"383\" height=\"210\" src=\"https:\/\/sksp.usz.edu.pl\/wp-content\/uploads\/2026\/04\/image-2.png\" alt=\"\" class=\"wp-image-1510\" style=\"width:204px;height:auto\" srcset=\"https:\/\/sksp.usz.edu.pl\/wp-content\/uploads\/2026\/04\/image-2.png 383w, https:\/\/sksp.usz.edu.pl\/wp-content\/uploads\/2026\/04\/image-2-300x164.png 300w\" sizes=\"auto, (max-width: 383px) 100vw, 383px\" \/><\/a><\/figure>\n<\/div>\n\n\n<p class=\"wp-block-paragraph\"><\/p>\n\n\n\n<h3 class=\"wp-block-heading has-text-align-center\">Krajowa Izba Doradc\u00f3w Podatkowych<br>Oddzia\u0142 Wielkopolski<\/h3>\n\n\n<div class=\"wp-block-image\">\n<figure class=\"aligncenter size-full is-resized\"><a href=\"https:\/\/wielkopolski.kidp.pl\/\"><img loading=\"lazy\" decoding=\"async\" width=\"349\" height=\"258\" src=\"https:\/\/sksp.usz.edu.pl\/wp-content\/uploads\/2026\/04\/image-3.png\" alt=\"\" class=\"wp-image-1511\" style=\"aspect-ratio:1.3528203889358619;width:185px;height:auto\" srcset=\"https:\/\/sksp.usz.edu.pl\/wp-content\/uploads\/2026\/04\/image-3.png 349w, https:\/\/sksp.usz.edu.pl\/wp-content\/uploads\/2026\/04\/image-3-300x222.png 300w\" sizes=\"auto, (max-width: 349px) 100vw, 349px\" \/><\/a><\/figure>\n<\/div>\n\n\n<p class=\"has-text-align-center wp-block-paragraph\"><\/p>\n\n<!--themify_builder_content-->\n<div id=\"themify_builder_content-858\" data-postid=\"858\" class=\"themify_builder_content themify_builder_content-858 themify_builder tf_clear\">\n    <\/div>\n<!--\/themify_builder_content-->","protected":false},"excerpt":{"rendered":"<p>Patronat Honorowy Ministerstwo Sprawiedliwo\u015bci Ministerstwo Finans\u00f3w Krajowa Izba Doradc\u00f3w Podatkowych Rektor Uniwersytetu Szczeci\u0144skiego Patronat Dziekan Wydzia\u0142u Prawa i AdministracjiUniwersytetu Szczeci\u0144skiego Okr\u0119gowa Izba Radc\u00f3w Prawnych w Szczecinie Okr\u0119gowa Izba Radc\u00f3w Prawnych we Wroc\u0142awiu Patronat medialny Dziennik Gazeta Prawna Patronat medialny Aureus &#8211; Stowarzyszenie Prawa Finansowego Krajowa Izba Doradc\u00f3w PodatkowychOddzia\u0142 Zachodniopomorski Krajowa Izba Doradc\u00f3w PodatkowychOddzia\u0142 Wielkopolski<\/p>\n","protected":false},"author":2,"featured_media":0,"parent":0,"menu_order":0,"comment_status":"closed","ping_status":"closed","template":"","meta":{"neve_meta_sidebar":"","neve_meta_container":"","neve_meta_enable_content_width":"","neve_meta_content_width":0,"neve_meta_title_alignment":"","neve_meta_author_avatar":"","neve_post_elements_order":"","neve_meta_disable_header":"","neve_meta_disable_footer":"","neve_meta_disable_title":"on","_themeisle_gutenberg_block_has_review":false,"_ti_tpc_template_sync":false,"_ti_tpc_template_id":"","footnotes":""},"class_list":["post-858","page","type-page","status-publish","hentry"],"builder_content":"","_links":{"self":[{"href":"https:\/\/sksp.usz.edu.pl\/index.php\/wp-json\/wp\/v2\/pages\/858","targetHints":{"allow":["GET"]}}],"collection":[{"href":"https:\/\/sksp.usz.edu.pl\/index.php\/wp-json\/wp\/v2\/pages"}],"about":[{"href":"https:\/\/sksp.usz.edu.pl\/index.php\/wp-json\/wp\/v2\/types\/page"}],"author":[{"embeddable":true,"href":"https:\/\/sksp.usz.edu.pl\/index.php\/wp-json\/wp\/v2\/users\/2"}],"replies":[{"embeddable":true,"href":"https:\/\/sksp.usz.edu.pl\/index.php\/wp-json\/wp\/v2\/comments?post=858"}],"version-history":[{"count":61,"href":"https:\/\/sksp.usz.edu.pl\/index.php\/wp-json\/wp\/v2\/pages\/858\/revisions"}],"predecessor-version":[{"id":1549,"href":"https:\/\/sksp.usz.edu.pl\/index.php\/wp-json\/wp\/v2\/pages\/858\/revisions\/1549"}],"wp:attachment":[{"href":"https:\/\/sksp.usz.edu.pl\/index.php\/wp-json\/wp\/v2\/media?parent=858"}],"curies":[{"name":"wp","href":"https:\/\/api.w.org\/{rel}","templated":true}]}}